
{"id":286609,"date":"2026-03-24T11:06:31","date_gmt":"2026-03-24T15:06:31","guid":{"rendered":"https:\/\/canadel.com\/?post_type=awsm_job_openings&#038;p=286609"},"modified":"2026-04-08T15:41:38","modified_gmt":"2026-04-08T19:41:38","slug":"charge-projets-operations","status":"publish","type":"awsm_job_openings","link":"https:\/\/canadel.com\/fr\/a-propos\/carrieres\/charge-projets-operations\/","title":{"rendered":"Charg\u00e9[e] de projets \u2013 Op\u00e9rations"},"content":{"rendered":"<h3><strong>\u00c0 PROPOS DE NOUS<\/strong><\/h3>\n<p>Canadel est une entreprise familiale qu\u00e9b\u00e9coise fond\u00e9e en 1982. Nous concevons et fabriquons des meubles en bois offrant plusieurs options de personnalisation. Ils sont assembl\u00e9s et finis \u00e0 la main selon les plus hauts standards\u00a0de qualit\u00e9.<\/p>\n<p>Notre mission est simple : cr\u00e9er des meubles intemporels qui traversent les g\u00e9n\u00e9rations et s\u2019adaptent \u00e0 la r\u00e9alit\u00e9 de chaque foyer.<\/p>\n<h3><strong>POURQUOI JOINDRE CANADEL?<\/strong><\/h3>\n<p>Chez Canadel\u00a0:<\/p>\n<ul>\n<li>On fabrique des meubles qui durent, mais surtout, on b\u00e2tit une <strong>\u00e9quipe solide<\/strong> depuis plus de 40 ans.<\/li>\n<li>Chaque produit qui sort de nos usines est fabriqu\u00e9 avec soin <strong>ici<\/strong> au Qu\u00e9bec et se retrouve dans des maisons partout en Am\u00e9rique du Nord.<\/li>\n<li>Tes id\u00e9es ne resteront pas sur du papier. Si tu vois une meilleure fa\u00e7on de faire, on veut l\u2019entendre.<\/li>\n<li>On \u00e9volue constamment et plusieurs projets d\u2019am\u00e9lioration sont en cours dans nos \u00e9quipes et nos op\u00e9rations.<\/li>\n<\/ul>\n<h3><strong>TON IMPACT CHEZ CANADEL<\/strong><\/h3>\n<p>Dans ce r\u00f4le, tu contribueras directement \u00e0 l\u2019\u00e9volution de nos op\u00e9rations et \u00e0 l\u2019am\u00e9lioration continue de nos fa\u00e7ons de faire. Tes id\u00e9es et ton expertise auront un impact concret sur notre efficacit\u00e9 et sur la qualit\u00e9 des produits qui se retrouvent dans les maisons partout en Am\u00e9rique du Nord.<\/p>\n<h3><strong>CE QUE NOUS T\u2019OFFRONS<\/strong><\/h3>\n<p>Ici, on met autant d\u2019importance au bien-\u00eatre qu\u2019au travail bien fait, dans une ambiance o\u00f9 la bienveillance et le plaisir font partie du quotidien. En plus, nous t\u2019offrons :<\/p>\n<h4><strong>\u00c9quilibre travail &#8211; vie personnelle <\/strong><\/h4>\n<ul>\n<li>Horaire de travail par semaine, de 40h par semaine, du lundi au jeudi de 7h30 \u00e0 17h00 et le vendredi de 7h30 \u00e0 12h30;<\/li>\n<li>En g\u00e9n\u00e9ral, tu auras tes vendredis apr\u00e8s-midi de cong\u00e9;<\/li>\n<li>Deux p\u00e9riodes de fermeture pr\u00e9vues durant l\u2019ann\u00e9e, durant les vacances de la construction et la p\u00e9riode des F\u00eates, pour te permettre de penser \u00e0 toi;<\/li>\n<li>Trois (3) jours de cong\u00e9 f\u00e9ri\u00e9s Canadel additionnels r\u00e9mun\u00e9r\u00e9s pendant la p\u00e9riode des F\u00eates.<\/li>\n<\/ul>\n<h4><strong>R\u00e9mun\u00e9ration globale <\/strong><\/h4>\n<ul>\n<li>Salaire adapt\u00e9 \u00e0 ton exp\u00e9rience et \u00e0 ton profil;<\/li>\n<li>Assurances collectives apr\u00e8s six (6) mois en poste, comprenant t\u00e9l\u00e9m\u00e9decine, assurance m\u00e9dicaments, vie, sant\u00e9, invalidit\u00e9 et voyage;<\/li>\n<li>Service m\u00e9dical sur place un (1) jour\/semaine (parce que ta sant\u00e9 nous tient \u00e0 c\u0153ur).<\/li>\n<\/ul>\n<h4><strong>Soutien et bien-\u00eatre <\/strong><\/h4>\n<ul>\n<li>Programme d\u2019aide aux employ\u00e9s[es] et \u00e0 la famille (sant\u00e9 mentale, conseils financiers et juridiques, etc.);<\/li>\n<li>Possibilit\u00e9 d\u2019acc\u00e8s \u00e0 un CPE local pour les enfants de nos employ\u00e9s[es].<\/li>\n<\/ul>\n<h4><strong>Culture et esprit d\u2019\u00e9quipe <\/strong><\/h4>\n<ul>\n<li>Programme de r\u00e9f\u00e9rencement de 500\u00a0$\u00a0pour recommander un[e] futur[e] coll\u00e8gue;<\/li>\n<li>Club social actif qui propose des moments conviviaux avec tes coll\u00e8gues;<\/li>\n<li>Programme de reconnaissance inspir\u00e9 de nos valeurs d\u2019entreprise;<\/li>\n<li>Espace ext\u00e9rieur am\u00e9nag\u00e9 avec terrain de volleyball et de basketball pour profiter des belles journ\u00e9es entre coll\u00e8gues.<\/li>\n<\/ul>\n<h4><strong>Curieux[euse] de savoir \u00e0 quoi ressemblera ton quotidien chez Canadel ? Voici ce qui t\u2019attend :<\/strong><\/h4>\n<ul>\n<li>Piloter des projets li\u00e9s \u00e0 l\u2019am\u00e9lioration continue, \u00e0 l\u2019optimisation des processus et \u00e0 l\u2019efficacit\u00e9 op\u00e9rationnelle (automatisation\/robotisation);<\/li>\n<li>Analyser les besoins, identifier les opportunit\u00e9s d\u2019am\u00e9lioration et proposer des solutions concr\u00e8tes, adapt\u00e9es \u00e0 la r\u00e9alit\u00e9 manufacturi\u00e8re et aux tendances de l\u2019industrie;<\/li>\n<li>Coordonner les diff\u00e9rentes \u00e9tapes des projets en collaboration avec les \u00e9quipes concern\u00e9es;<\/li>\n<li>Assurer le suivi des livrables, des \u00e9ch\u00e9anciers et des priorit\u00e9s afin de soutenir l\u2019atteinte des objectifs op\u00e9rationnels;<\/li>\n<li>Piloter et coordonner des projets visant l\u2019am\u00e9lioration continue, l\u2019optimisation des processus et l\u2019efficacit\u00e9 op\u00e9rationnelle;<\/li>\n<li>Assurer l\u2019analyse des besoins, l\u2019identification des opportunit\u00e9s et la recommandation de solutions adapt\u00e9es \u00e0 la r\u00e9alit\u00e9 manufacturi\u00e8re et aux tendances de l\u2019industrie;<\/li>\n<li>Collaborer avec les \u00e9quipes concern\u00e9es pour g\u00e9rer chaque \u00e9tape des projets, tout en assurant le suivi des livrables, des \u00e9ch\u00e9anciers et des priorit\u00e9s afin de soutenir l\u2019atteinte des objectifs op\u00e9rationnels.<\/li>\n<\/ul>\n<h4><strong>TON PROFIL <\/strong><\/h4>\n<ul>\n<li>Tu poss\u00e8des un DEC\/AEC en g\u00e9nie industriel et\/ou un BAC en ing\u00e9nierie ou en administration logistique;<\/li>\n<li>Tu d\u00e9tiens un minimum de deux (2) ans d&#8217;exp\u00e9rience en milieu manufacturier;<\/li>\n<li>Tu ma\u00eetrises le fran\u00e7ais et l\u2019anglais, tant \u00e0 l\u2019oral qu\u2019\u00e0 l\u2019\u00e9crit (nous avons des fournisseurs anglophones et francophones);<\/li>\n<li>Tu fais preuve de discernement, d\u2019organisation et de rigueur;<\/li>\n<li>Tu es reconnu[e] pour ton attitude positive et ton esprit d\u2019\u00e9quipe;<\/li>\n<li>Tu es \u00e0 l\u2019aise de g\u00e9rer plusieurs dossiers \u00e0 la fois, tout en respectant les \u00e9ch\u00e9anciers.<\/li>\n<\/ul>\n<p><strong>\u00a0<\/strong><\/p>\n<h4><strong>\u00c9NONC\u00c9 D\u2019\u00c9GALIT\u00c9 DES CHANCES<\/strong><\/h4>\n<p>Canadel applique le Programme d\u2019acc\u00e8s \u00e0 l\u2019\u00e9galit\u00e9 en emploi et invite les femmes, les Autochtones, les minorit\u00e9s visibles, les minorit\u00e9s ethniques et les personnes handicap\u00e9es \u00e0 soumettre leurs candidatures.<\/p>\n<p>&nbsp;<\/p>\n<p>&nbsp;<\/p>\n<p>&nbsp;<\/p>\n<p>&nbsp;<\/p>\n<p>&nbsp;<\/p>\n<p>&nbsp;<\/p>\n<p>&nbsp;<\/p>\n<p>&nbsp;<\/p>\n<p>&nbsp;<\/p>\n","protected":false},"excerpt":{"rendered":"<p>\u00c0 PROPOS DE NOUS Canadel est une entreprise familiale qu\u00e9b\u00e9coise fond\u00e9e en 1982. Nous concevons et fabriquons des meubles en bois offrant plusieurs options de personnalisation. Ils sont assembl\u00e9s et finis \u00e0 la main selon les plus hauts standards\u00a0de qualit\u00e9. Notre mission est simple : cr\u00e9er des meubles intemporels qui traversent les g\u00e9n\u00e9rations et s\u2019adaptent [&hellip;]<\/p>\n","protected":false},"author":2,"template":"","meta":{"_et_pb_use_builder":"","_et_pb_old_content":"","_et_gb_content_width":"","job_hero_image":"https:\/\/canadel.com\/wp-content\/uploads\/canadel-general-hr.jpg","job_hero_video":"https:\/\/canadel.com\/wp-content\/uploads\/nous_sommes_canadel-720p-hr.mp4","job_work_flexible":false,"job_work_onsite_required":false,"job_work_remote_policy":false,"job_contact_person":"","job_start_date":"","pb_show_job_type":true,"pb_show_job_location":true,"pb_show_job_category":true,"job_title_extra_text":""},"class_list":["post-286609","awsm_job_openings","type-awsm_job_openings","status-publish","hentry","job-category-jour","job-type-temps-plein","job-location-usine"],"yoast_head":"<!-- This site is optimized with the Yoast SEO plugin v27.4 - https:\/\/yoast.com\/product\/yoast-seo-wordpress\/ -->\n<title>Charg\u00e9[e] de projets \u2013 Op\u00e9rations - Canadel<\/title>\n<meta name=\"description\" content=\"Nous sommes toujours \u00e0 la recherche de candidats (exp\u00e9riment\u00e9s ou non) pour combler divers postes vacants. Joignez-vous \u00e0 une \u00e9quipe dynamique et enthousiaste!\" \/>\n<meta name=\"robots\" content=\"index, follow, max-snippet:-1, max-image-preview:large, max-video-preview:-1\" \/>\n<link rel=\"canonical\" href=\"https:\/\/canadel.com\/fr\/a-propos\/carrieres\/charge-projets-operations\/\" \/>\n<meta property=\"og:locale\" content=\"fr_FR\" \/>\n<meta property=\"og:type\" content=\"article\" \/>\n<meta property=\"og:title\" content=\"Charg\u00e9[e] de projets \u2013 Op\u00e9rations - Canadel\" \/>\n<meta property=\"og:description\" content=\"Nous sommes toujours \u00e0 la recherche de candidats (exp\u00e9riment\u00e9s ou non) pour combler divers postes vacants. Joignez-vous \u00e0 une \u00e9quipe dynamique et enthousiaste!\" \/>\n<meta property=\"og:url\" content=\"https:\/\/canadel.com\/fr\/a-propos\/carrieres\/charge-projets-operations\/\" \/>\n<meta property=\"og:site_name\" content=\"Canadel\" \/>\n<meta property=\"article:modified_time\" content=\"2026-04-08T19:41:38+00:00\" \/>\n<meta name=\"twitter:card\" content=\"summary_large_image\" \/>\n<meta name=\"twitter:label1\" content=\"Dur\u00e9e de lecture estim\u00e9e\" \/>\n\t<meta name=\"twitter:data1\" content=\"4 minutes\" \/>\n<script type=\"application\/ld+json\" class=\"yoast-schema-graph\">{\"@context\":\"https:\\\/\\\/schema.org\",\"@graph\":[{\"@type\":\"WebPage\",\"@id\":\"https:\\\/\\\/canadel.com\\\/fr\\\/a-propos\\\/carrieres\\\/charge-projets-operations\\\/\",\"url\":\"https:\\\/\\\/canadel.com\\\/fr\\\/a-propos\\\/carrieres\\\/charge-projets-operations\\\/\",\"name\":\"Charg\u00e9[e] de projets \u2013 Op\u00e9rations - Canadel\",\"isPartOf\":{\"@id\":\"https:\\\/\\\/canadel.com\\\/fr\\\/#website\"},\"datePublished\":\"2026-03-24T15:06:31+00:00\",\"dateModified\":\"2026-04-08T19:41:38+00:00\",\"description\":\"Nous sommes toujours \u00e0 la recherche de candidats (exp\u00e9riment\u00e9s ou non) pour combler divers postes vacants. Joignez-vous \u00e0 une \u00e9quipe dynamique et enthousiaste!\",\"breadcrumb\":{\"@id\":\"https:\\\/\\\/canadel.com\\\/fr\\\/a-propos\\\/carrieres\\\/charge-projets-operations\\\/#breadcrumb\"},\"inLanguage\":\"fr-FR\",\"potentialAction\":[{\"@type\":\"ReadAction\",\"target\":[\"https:\\\/\\\/canadel.com\\\/fr\\\/a-propos\\\/carrieres\\\/charge-projets-operations\\\/\"]}]},{\"@type\":\"BreadcrumbList\",\"@id\":\"https:\\\/\\\/canadel.com\\\/fr\\\/a-propos\\\/carrieres\\\/charge-projets-operations\\\/#breadcrumb\",\"itemListElement\":[{\"@type\":\"ListItem\",\"position\":1,\"name\":\"Accueil\",\"item\":\"https:\\\/\\\/canadel.com\\\/fr\\\/\"},{\"@type\":\"ListItem\",\"position\":2,\"name\":\"Charg\u00e9[e] de projets \u2013 Op\u00e9rations\"}]},{\"@type\":\"WebSite\",\"@id\":\"https:\\\/\\\/canadel.com\\\/fr\\\/#website\",\"url\":\"https:\\\/\\\/canadel.com\\\/fr\\\/\",\"name\":\"Canadel\",\"description\":\"\",\"potentialAction\":[{\"@type\":\"SearchAction\",\"target\":{\"@type\":\"EntryPoint\",\"urlTemplate\":\"https:\\\/\\\/canadel.com\\\/fr\\\/?s={search_term_string}\"},\"query-input\":{\"@type\":\"PropertyValueSpecification\",\"valueRequired\":true,\"valueName\":\"search_term_string\"}}],\"inLanguage\":\"fr-FR\"}]}<\/script>\n<!-- \/ Yoast SEO plugin. -->","yoast_head_json":{"title":"Charg\u00e9[e] de projets \u2013 Op\u00e9rations - Canadel","description":"Nous sommes toujours \u00e0 la recherche de candidats (exp\u00e9riment\u00e9s ou non) pour combler divers postes vacants. Joignez-vous \u00e0 une \u00e9quipe dynamique et enthousiaste!","robots":{"index":"index","follow":"follow","max-snippet":"max-snippet:-1","max-image-preview":"max-image-preview:large","max-video-preview":"max-video-preview:-1"},"canonical":"https:\/\/canadel.com\/fr\/a-propos\/carrieres\/charge-projets-operations\/","og_locale":"fr_FR","og_type":"article","og_title":"Charg\u00e9[e] de projets \u2013 Op\u00e9rations - Canadel","og_description":"Nous sommes toujours \u00e0 la recherche de candidats (exp\u00e9riment\u00e9s ou non) pour combler divers postes vacants. Joignez-vous \u00e0 une \u00e9quipe dynamique et enthousiaste!","og_url":"https:\/\/canadel.com\/fr\/a-propos\/carrieres\/charge-projets-operations\/","og_site_name":"Canadel","article_modified_time":"2026-04-08T19:41:38+00:00","twitter_card":"summary_large_image","twitter_misc":{"Dur\u00e9e de lecture estim\u00e9e":"4 minutes"},"schema":{"@context":"https:\/\/schema.org","@graph":[{"@type":"WebPage","@id":"https:\/\/canadel.com\/fr\/a-propos\/carrieres\/charge-projets-operations\/","url":"https:\/\/canadel.com\/fr\/a-propos\/carrieres\/charge-projets-operations\/","name":"Charg\u00e9[e] de projets \u2013 Op\u00e9rations - Canadel","isPartOf":{"@id":"https:\/\/canadel.com\/fr\/#website"},"datePublished":"2026-03-24T15:06:31+00:00","dateModified":"2026-04-08T19:41:38+00:00","description":"Nous sommes toujours \u00e0 la recherche de candidats (exp\u00e9riment\u00e9s ou non) pour combler divers postes vacants. Joignez-vous \u00e0 une \u00e9quipe dynamique et enthousiaste!","breadcrumb":{"@id":"https:\/\/canadel.com\/fr\/a-propos\/carrieres\/charge-projets-operations\/#breadcrumb"},"inLanguage":"fr-FR","potentialAction":[{"@type":"ReadAction","target":["https:\/\/canadel.com\/fr\/a-propos\/carrieres\/charge-projets-operations\/"]}]},{"@type":"BreadcrumbList","@id":"https:\/\/canadel.com\/fr\/a-propos\/carrieres\/charge-projets-operations\/#breadcrumb","itemListElement":[{"@type":"ListItem","position":1,"name":"Accueil","item":"https:\/\/canadel.com\/fr\/"},{"@type":"ListItem","position":2,"name":"Charg\u00e9[e] de projets \u2013 Op\u00e9rations"}]},{"@type":"WebSite","@id":"https:\/\/canadel.com\/fr\/#website","url":"https:\/\/canadel.com\/fr\/","name":"Canadel","description":"","potentialAction":[{"@type":"SearchAction","target":{"@type":"EntryPoint","urlTemplate":"https:\/\/canadel.com\/fr\/?s={search_term_string}"},"query-input":{"@type":"PropertyValueSpecification","valueRequired":true,"valueName":"search_term_string"}}],"inLanguage":"fr-FR"}]}},"_links":{"self":[{"href":"https:\/\/canadel.com\/fr\/wp-json\/wp\/v2\/awsm_job_openings\/286609","targetHints":{"allow":["GET"]}}],"collection":[{"href":"https:\/\/canadel.com\/fr\/wp-json\/wp\/v2\/awsm_job_openings"}],"about":[{"href":"https:\/\/canadel.com\/fr\/wp-json\/wp\/v2\/types\/awsm_job_openings"}],"author":[{"embeddable":true,"href":"https:\/\/canadel.com\/fr\/wp-json\/wp\/v2\/users\/2"}],"wp:attachment":[{"href":"https:\/\/canadel.com\/fr\/wp-json\/wp\/v2\/media?parent=286609"}],"curies":[{"name":"wp","href":"https:\/\/api.w.org\/{rel}","templated":true}]}}