
{"id":283035,"date":"2025-11-27T15:35:19","date_gmt":"2025-11-27T20:35:19","guid":{"rendered":"https:\/\/canadel.com\/?post_type=product&#038;p=283035"},"modified":"2025-11-27T15:36:55","modified_gmt":"2025-11-27T20:36:55","slug":"meuble-multimedia-7230-ej","status":"publish","type":"product","link":"https:\/\/canadel.com\/fr\/collections\/accent\/meubles-multimedia\/med072302929mej\/","title":{"rendered":"Meuble multim\u00e9dia 7230 EJ"},"content":{"rendered":"<p><i>SKU: <div  class=\"pods-ui-notice pods-ui-notice-notice pods-ui-notice-notice-error pods-ui-notice-is-dismissible pods-ui-notice-front\"><p><strong>Pods Embed Error:<\/strong> Pod non trouv\u00e9.<\/p><\/div><\/i><\/p>\n<p><i>Couleur illustr\u00e9e: <div  class=\"pods-ui-notice pods-ui-notice-notice pods-ui-notice-notice-error pods-ui-notice-is-dismissible pods-ui-notice-front\"><p><strong>Pods Embed Error:<\/strong> Pod non trouv\u00e9.<\/p><\/div><\/i><br \/>\n<i>Couleur d&#8217;accent: <div  class=\"pods-ui-notice pods-ui-notice-notice pods-ui-notice-notice-error pods-ui-notice-is-dismissible pods-ui-notice-front\"><p><strong>Pods Embed Error:<\/strong> Pod non trouv\u00e9.<\/p><\/div><\/i><br \/>\n<i>Fini illustr\u00e9: <div  class=\"pods-ui-notice pods-ui-notice-notice pods-ui-notice-notice-error pods-ui-notice-is-dismissible pods-ui-notice-front\"><p><strong>Pods Embed Error:<\/strong> Pod non trouv\u00e9.<\/p><\/div><\/i><\/p>\n<div  class=\"pods-ui-notice pods-ui-notice-notice pods-ui-notice-notice-error pods-ui-notice-is-dismissible pods-ui-notice-front\"><p><strong>Pods Embed Error:<\/strong> Pod non trouv\u00e9.<\/p><\/div>\n<p><b>Caract\u00e9ristiques<\/b><\/p>\n<div  class=\"pods-ui-notice pods-ui-notice-notice pods-ui-notice-notice-error pods-ui-notice-is-dismissible pods-ui-notice-front\"><p><strong>Pods Embed Error:<\/strong> Pod non trouv\u00e9.<\/p><\/div>\n<p><b>Dimensions<\/b><br \/>\nDimensions hors tout: L <div  class=\"pods-ui-notice pods-ui-notice-notice pods-ui-notice-notice-error pods-ui-notice-is-dismissible pods-ui-notice-front\"><p><strong>Pods Embed Error:<\/strong> Pod non trouv\u00e9.<\/p><\/div>\u201d X P <div  class=\"pods-ui-notice pods-ui-notice-notice pods-ui-notice-notice-error pods-ui-notice-is-dismissible pods-ui-notice-front\"><p><strong>Pods Embed Error:<\/strong> Pod non trouv\u00e9.<\/p><\/div>\u201d X H <div  class=\"pods-ui-notice pods-ui-notice-notice pods-ui-notice-notice-error pods-ui-notice-is-dismissible pods-ui-notice-front\"><p><strong>Pods Embed Error:<\/strong> Pod non trouv\u00e9.<\/p><\/div>\u201d<\/p>\n","protected":false},"excerpt":{"rendered":"<p>SKU: Couleur illustr\u00e9e: Couleur d&#8217;accent: Fini illustr\u00e9: Caract\u00e9ristiques Dimensions Dimensions hors tout: L \u201d X P \u201d X H \u201d<\/p>\n","protected":false},"featured_media":256110,"comment_status":"open","ping_status":"closed","template":"","meta":{"_et_pb_use_builder":"","_et_pb_old_content":"","_et_gb_content_width":""},"product_brand":[],"product_cat":[2774,2966],"product_tag":[2815],"class_list":{"0":"post-283035","1":"product","2":"type-product","3":"status-publish","4":"has-post-thumbnail","6":"product_cat-accent","7":"product_cat-media-units-accent-collections-fr","8":"product_tag-7230ej","10":"first","11":"instock","12":"shipping-taxable","13":"product-type-simple"},"yoast_head":"<!-- This site is optimized with the Yoast SEO plugin v27.4 - https:\/\/yoast.com\/product\/yoast-seo-wordpress\/ -->\n<title>Meuble multim\u00e9dia 7230 EJ - Canadel<\/title>\n<meta name=\"description\" content=\"Le meuble multim\u00e9dia Infinit\u00e9 offre beaucoup d\u2019espace de rangement tout en mettant en valeur la beaut\u00e9 du bois massif. Avec son apparence majestueuse et ses d\u00e9tails raffin\u00e9s, ce mod\u00e8le est tout \u00e0 fait intemporel.\" \/>\n<meta name=\"robots\" content=\"index, follow, max-snippet:-1, max-image-preview:large, max-video-preview:-1\" \/>\n<link rel=\"canonical\" href=\"https:\/\/canadel.com\/fr\/collections\/accent\/meubles-multimedia\/med072302929mej\/\" \/>\n<meta property=\"og:locale\" content=\"fr_FR\" \/>\n<meta property=\"og:type\" content=\"article\" \/>\n<meta property=\"og:title\" content=\"Meuble multim\u00e9dia 7230 EJ - Canadel\" \/>\n<meta property=\"og:description\" content=\"Le meuble multim\u00e9dia Infinit\u00e9 offre beaucoup d\u2019espace de rangement tout en mettant en valeur la beaut\u00e9 du bois massif. Avec son apparence majestueuse et ses d\u00e9tails raffin\u00e9s, ce mod\u00e8le est tout \u00e0 fait intemporel.\" \/>\n<meta property=\"og:url\" content=\"https:\/\/canadel.com\/fr\/collections\/accent\/meubles-multimedia\/med072302929mej\/\" \/>\n<meta property=\"og:site_name\" content=\"Canadel\" \/>\n<meta property=\"article:modified_time\" content=\"2025-11-27T20:36:55+00:00\" \/>\n<meta property=\"og:image\" content=\"https:\/\/canadel.com\/wp-content\/uploads\/MED072302929MEJ_CAM001.jpg\" \/>\n\t<meta property=\"og:image:width\" content=\"2000\" \/>\n\t<meta property=\"og:image:height\" content=\"2000\" \/>\n\t<meta property=\"og:image:type\" content=\"image\/jpeg\" \/>\n<meta name=\"twitter:card\" content=\"summary_large_image\" \/>\n<script type=\"application\/ld+json\" class=\"yoast-schema-graph\">{\"@context\":\"https:\\\/\\\/schema.org\",\"@graph\":[{\"@type\":\"WebPage\",\"@id\":\"https:\\\/\\\/canadel.com\\\/fr\\\/collections\\\/accent\\\/meubles-multimedia\\\/med072302929mej\\\/\",\"url\":\"https:\\\/\\\/canadel.com\\\/fr\\\/collections\\\/accent\\\/meubles-multimedia\\\/med072302929mej\\\/\",\"name\":\"Meuble multim\u00e9dia 7230 EJ - Canadel\",\"isPartOf\":{\"@id\":\"https:\\\/\\\/canadel.com\\\/fr\\\/#website\"},\"primaryImageOfPage\":{\"@id\":\"https:\\\/\\\/canadel.com\\\/fr\\\/collections\\\/accent\\\/meubles-multimedia\\\/med072302929mej\\\/#primaryimage\"},\"image\":{\"@id\":\"https:\\\/\\\/canadel.com\\\/fr\\\/collections\\\/accent\\\/meubles-multimedia\\\/med072302929mej\\\/#primaryimage\"},\"thumbnailUrl\":\"https:\\\/\\\/canadel.com\\\/wp-content\\\/uploads\\\/MED072302929MEJ_CAM001.jpg\",\"datePublished\":\"2025-11-27T20:35:19+00:00\",\"dateModified\":\"2025-11-27T20:36:55+00:00\",\"description\":\"Le meuble multim\u00e9dia Infinit\u00e9 offre beaucoup d\u2019espace de rangement tout en mettant en valeur la beaut\u00e9 du bois massif. Avec son apparence majestueuse et ses d\u00e9tails raffin\u00e9s, ce mod\u00e8le est tout \u00e0 fait intemporel.\",\"breadcrumb\":{\"@id\":\"https:\\\/\\\/canadel.com\\\/fr\\\/collections\\\/accent\\\/meubles-multimedia\\\/med072302929mej\\\/#breadcrumb\"},\"inLanguage\":\"fr-FR\",\"potentialAction\":[{\"@type\":\"ReadAction\",\"target\":[\"https:\\\/\\\/canadel.com\\\/fr\\\/collections\\\/accent\\\/meubles-multimedia\\\/med072302929mej\\\/\"]}]},{\"@type\":\"ImageObject\",\"inLanguage\":\"fr-FR\",\"@id\":\"https:\\\/\\\/canadel.com\\\/fr\\\/collections\\\/accent\\\/meubles-multimedia\\\/med072302929mej\\\/#primaryimage\",\"url\":\"https:\\\/\\\/canadel.com\\\/wp-content\\\/uploads\\\/MED072302929MEJ_CAM001.jpg\",\"contentUrl\":\"https:\\\/\\\/canadel.com\\\/wp-content\\\/uploads\\\/MED072302929MEJ_CAM001.jpg\",\"width\":2000,\"height\":2000},{\"@type\":\"BreadcrumbList\",\"@id\":\"https:\\\/\\\/canadel.com\\\/fr\\\/collections\\\/accent\\\/meubles-multimedia\\\/med072302929mej\\\/#breadcrumb\",\"itemListElement\":[{\"@type\":\"ListItem\",\"position\":1,\"name\":\"Accueil\",\"item\":\"https:\\\/\\\/canadel.com\\\/fr\\\/\"},{\"@type\":\"ListItem\",\"position\":2,\"name\":\"Shop\",\"item\":\"https:\\\/\\\/canadel.com\\\/?page_id=240655\"},{\"@type\":\"ListItem\",\"position\":3,\"name\":\"Meuble multim\u00e9dia 7230 EJ\"}]},{\"@type\":\"WebSite\",\"@id\":\"https:\\\/\\\/canadel.com\\\/fr\\\/#website\",\"url\":\"https:\\\/\\\/canadel.com\\\/fr\\\/\",\"name\":\"Canadel\",\"description\":\"\",\"potentialAction\":[{\"@type\":\"SearchAction\",\"target\":{\"@type\":\"EntryPoint\",\"urlTemplate\":\"https:\\\/\\\/canadel.com\\\/fr\\\/?s={search_term_string}\"},\"query-input\":{\"@type\":\"PropertyValueSpecification\",\"valueRequired\":true,\"valueName\":\"search_term_string\"}}],\"inLanguage\":\"fr-FR\"}]}<\/script>\n<!-- \/ Yoast SEO plugin. -->","yoast_head_json":{"title":"Meuble multim\u00e9dia 7230 EJ - Canadel","description":"Le meuble multim\u00e9dia Infinit\u00e9 offre beaucoup d\u2019espace de rangement tout en mettant en valeur la beaut\u00e9 du bois massif. Avec son apparence majestueuse et ses d\u00e9tails raffin\u00e9s, ce mod\u00e8le est tout \u00e0 fait intemporel.","robots":{"index":"index","follow":"follow","max-snippet":"max-snippet:-1","max-image-preview":"max-image-preview:large","max-video-preview":"max-video-preview:-1"},"canonical":"https:\/\/canadel.com\/fr\/collections\/accent\/meubles-multimedia\/med072302929mej\/","og_locale":"fr_FR","og_type":"article","og_title":"Meuble multim\u00e9dia 7230 EJ - Canadel","og_description":"Le meuble multim\u00e9dia Infinit\u00e9 offre beaucoup d\u2019espace de rangement tout en mettant en valeur la beaut\u00e9 du bois massif. Avec son apparence majestueuse et ses d\u00e9tails raffin\u00e9s, ce mod\u00e8le est tout \u00e0 fait intemporel.","og_url":"https:\/\/canadel.com\/fr\/collections\/accent\/meubles-multimedia\/med072302929mej\/","og_site_name":"Canadel","article_modified_time":"2025-11-27T20:36:55+00:00","og_image":[{"width":2000,"height":2000,"url":"https:\/\/canadel.com\/wp-content\/uploads\/MED072302929MEJ_CAM001.jpg","type":"image\/jpeg"}],"twitter_card":"summary_large_image","schema":{"@context":"https:\/\/schema.org","@graph":[{"@type":"WebPage","@id":"https:\/\/canadel.com\/fr\/collections\/accent\/meubles-multimedia\/med072302929mej\/","url":"https:\/\/canadel.com\/fr\/collections\/accent\/meubles-multimedia\/med072302929mej\/","name":"Meuble multim\u00e9dia 7230 EJ - Canadel","isPartOf":{"@id":"https:\/\/canadel.com\/fr\/#website"},"primaryImageOfPage":{"@id":"https:\/\/canadel.com\/fr\/collections\/accent\/meubles-multimedia\/med072302929mej\/#primaryimage"},"image":{"@id":"https:\/\/canadel.com\/fr\/collections\/accent\/meubles-multimedia\/med072302929mej\/#primaryimage"},"thumbnailUrl":"https:\/\/canadel.com\/wp-content\/uploads\/MED072302929MEJ_CAM001.jpg","datePublished":"2025-11-27T20:35:19+00:00","dateModified":"2025-11-27T20:36:55+00:00","description":"Le meuble multim\u00e9dia Infinit\u00e9 offre beaucoup d\u2019espace de rangement tout en mettant en valeur la beaut\u00e9 du bois massif. Avec son apparence majestueuse et ses d\u00e9tails raffin\u00e9s, ce mod\u00e8le est tout \u00e0 fait intemporel.","breadcrumb":{"@id":"https:\/\/canadel.com\/fr\/collections\/accent\/meubles-multimedia\/med072302929mej\/#breadcrumb"},"inLanguage":"fr-FR","potentialAction":[{"@type":"ReadAction","target":["https:\/\/canadel.com\/fr\/collections\/accent\/meubles-multimedia\/med072302929mej\/"]}]},{"@type":"ImageObject","inLanguage":"fr-FR","@id":"https:\/\/canadel.com\/fr\/collections\/accent\/meubles-multimedia\/med072302929mej\/#primaryimage","url":"https:\/\/canadel.com\/wp-content\/uploads\/MED072302929MEJ_CAM001.jpg","contentUrl":"https:\/\/canadel.com\/wp-content\/uploads\/MED072302929MEJ_CAM001.jpg","width":2000,"height":2000},{"@type":"BreadcrumbList","@id":"https:\/\/canadel.com\/fr\/collections\/accent\/meubles-multimedia\/med072302929mej\/#breadcrumb","itemListElement":[{"@type":"ListItem","position":1,"name":"Accueil","item":"https:\/\/canadel.com\/fr\/"},{"@type":"ListItem","position":2,"name":"Shop","item":"https:\/\/canadel.com\/?page_id=240655"},{"@type":"ListItem","position":3,"name":"Meuble multim\u00e9dia 7230 EJ"}]},{"@type":"WebSite","@id":"https:\/\/canadel.com\/fr\/#website","url":"https:\/\/canadel.com\/fr\/","name":"Canadel","description":"","potentialAction":[{"@type":"SearchAction","target":{"@type":"EntryPoint","urlTemplate":"https:\/\/canadel.com\/fr\/?s={search_term_string}"},"query-input":{"@type":"PropertyValueSpecification","valueRequired":true,"valueName":"search_term_string"}}],"inLanguage":"fr-FR"}]}},"_links":{"self":[{"href":"https:\/\/canadel.com\/fr\/wp-json\/wp\/v2\/product\/283035","targetHints":{"allow":["GET"]}}],"collection":[{"href":"https:\/\/canadel.com\/fr\/wp-json\/wp\/v2\/product"}],"about":[{"href":"https:\/\/canadel.com\/fr\/wp-json\/wp\/v2\/types\/product"}],"replies":[{"embeddable":true,"href":"https:\/\/canadel.com\/fr\/wp-json\/wp\/v2\/comments?post=283035"}],"wp:featuredmedia":[{"embeddable":true,"href":"https:\/\/canadel.com\/fr\/wp-json\/wp\/v2\/media\/256110"}],"wp:attachment":[{"href":"https:\/\/canadel.com\/fr\/wp-json\/wp\/v2\/media?parent=283035"}],"wp:term":[{"taxonomy":"product_brand","embeddable":true,"href":"https:\/\/canadel.com\/fr\/wp-json\/wp\/v2\/product_brand?post=283035"},{"taxonomy":"product_cat","embeddable":true,"href":"https:\/\/canadel.com\/fr\/wp-json\/wp\/v2\/product_cat?post=283035"},{"taxonomy":"product_tag","embeddable":true,"href":"https:\/\/canadel.com\/fr\/wp-json\/wp\/v2\/product_tag?post=283035"}],"curies":[{"name":"wp","href":"https:\/\/api.w.org\/{rel}","templated":true}]}}